{"id":23454,"date":"2019-12-20T14:23:13","date_gmt":"2019-12-20T13:23:13","guid":{"rendered":"https:\/\/www.riksantikvaren.no\/?post_type=fredning&#038;p=23454"},"modified":"2024-01-30T09:32:55","modified_gmt":"2024-01-30T08:32:55","slug":"tvestua-husmannsplass-pa-elvsholmen","status":"publish","type":"fredning","link":"https:\/\/riksantikvaren.no\/en\/fredninger\/tvestua-husmannsplass-pa-elvsholmen\/","title":{"rendered":"Tvestua husmannsplass p\u00e5 Elvsholmen"},"content":{"rendered":"<div class=\"wpb-content-wrapper\"><p>[vc_row][vc_column width=&#8221;2\/3&#8243;]<div class=\"header left  default\"><h1 class=\"\" id=\"overskift\">Tvestua husmannsplass p\u00e5 Elvsholmen<\/h1><\/div>[vc_column_text]<\/p>\n<p class=\"entrance-ingres\">Tvestua p\u00e5 \u00c5ker g\u00e5rd i Hamar kommune er den best bevarte landarbeiderboligen i Hedmark fylke.<\/p>\n<p>[\/vc_column_text][vc_column_text]\u00c5ker g\u00e5rd er en av de mest betydningsfulle storg\u00e5rdene p\u00e5 \u00d8stlandet og har i tillegg til \u00e5 ha v\u00e6rt tingsted, v\u00e6rt i milit\u00e6rt eie i n\u00e6rmere 300 \u00e5r.<\/p>\n<p>G\u00e5rden har v\u00e6rt sv\u00e6rt viktig i utviklingen av landbruket i denne landsdelen b\u00e5de med hensyn til driftsmetoder i landbruket og byggeskikk for blant annet arbeiderboligene som var tilknyttet g\u00e5rden. Det bidro til \u00e5 bedre arbeidsforholdene for b\u00e5de jordarbeiderne og deres familier.[\/vc_column_text]\n\t\t\t<figure class=\"standard-image \">\n\t\t\t\t<a class=\"gallery\" href=\"#image-5340\" title=\"\u00c5pne stort bilde i felles bildegalleri\" data-gallery=\"5340\"><img loading=\"lazy\" decoding=\"async\" width=\"1920\" height=\"1080\" src=\"https:\/\/riksantikvaren.no\/content\/uploads\/2019\/10\/husmannsplassen-tvestua.jpg\" class=\"attachment- size-\" alt=\"Tvestua er en viktig historieforteller om svundne tider i norsk landbruks- og bosettelseshistorie. Foto: Jorun Elisabet Aresvik Hals Riksantikvaren\" srcset=\"https:\/\/riksantikvaren.no\/content\/uploads\/2019\/10\/husmannsplassen-tvestua.jpg 1920w, https:\/\/riksantikvaren.no\/content\/uploads\/2019\/10\/husmannsplassen-tvestua-300x169.jpg 300w, https:\/\/riksantikvaren.no\/content\/uploads\/2019\/10\/husmannsplassen-tvestua-768x432.jpg 768w, https:\/\/riksantikvaren.no\/content\/uploads\/2019\/10\/husmannsplassen-tvestua-1024x576.jpg 1024w, https:\/\/riksantikvaren.no\/content\/uploads\/2019\/10\/husmannsplassen-tvestua-320x180.jpg 320w, https:\/\/riksantikvaren.no\/content\/uploads\/2019\/10\/husmannsplassen-tvestua-420x236.jpg 420w, https:\/\/riksantikvaren.no\/content\/uploads\/2019\/10\/husmannsplassen-tvestua-576x324.jpg 576w, https:\/\/riksantikvaren.no\/content\/uploads\/2019\/10\/husmannsplassen-tvestua-992x558.jpg 992w, https:\/\/riksantikvaren.no\/content\/uploads\/2019\/10\/husmannsplassen-tvestua-1200x675.jpg 1200w\" sizes=\"auto, (max-width: 1920px) 100vw, 1920px\" title=\"\"><\/a>\n\t\t\t\t<figcaption><strong>Husmannsplassen Tvestua<\/strong> Tvestua er en viktig historieforteller om svundne tider i norsk landbruks- og bosettelseshistorie. Foto: Jorun Elisabet Aresvik Hals Riksantikvaren Foto: Jorun Elisabet Aresvik Hals Riksantikvaren<\/figcaption>\n\t\t\t<\/figure>[vc_row_inner][vc_column_inner width=&#8221;1\/2&#8243;][vc_column_text]<\/p>\n<h3>Beskrivelse av kulturminnet<\/h3>\n<p>Tvestua p\u00e5 husmannsplassen p\u00e5 Elvsholmen er et to-etasjes bolighus i t\u00f8mmer med rappede vegger og saltak. Saltaket er i dag dekket med teglstein. Begge boenhetene hadde frostfri kjeller.<\/p>\n<p>Bygningen best\u00e5r av en stue i hver ende og med to kj\u00f8kken plassert mot hverandre midt i bygningen med felles pipe. Den er bygget for to familier, derav navnet Tvestua, og er en type landarbeiderbolig som ble utviklet p\u00e5 1700-tallet.[\/vc_column_text][\/vc_column_inner][vc_column_inner width=&#8221;1\/2&#8243;]\n\t\t\t<figure class=\"standard-image \">\n\t\t\t\t<a class=\"gallery\" href=\"#image-5484\" title=\"\u00c5pne stort bilde i felles bildegalleri\" data-gallery=\"5484\"><img loading=\"lazy\" decoding=\"async\" width=\"576\" height=\"432\" src=\"https:\/\/riksantikvaren.no\/content\/uploads\/2019\/10\/tvestua-gravhaugen-576x432.jpg\" class=\"attachment-img-sm size-img-sm\" alt=\"Gravhaugen ved Tvestua er automatisk freda etter Kulturminneloven. Foto: Jorun Elisabet Aresvik Hals Riksantikvaren\" srcset=\"https:\/\/riksantikvaren.no\/content\/uploads\/2019\/10\/tvestua-gravhaugen-576x432.jpg 576w, https:\/\/riksantikvaren.no\/content\/uploads\/2019\/10\/tvestua-gravhaugen-300x225.jpg 300w, https:\/\/riksantikvaren.no\/content\/uploads\/2019\/10\/tvestua-gravhaugen-768x576.jpg 768w, https:\/\/riksantikvaren.no\/content\/uploads\/2019\/10\/tvestua-gravhaugen-1024x768.jpg 1024w, https:\/\/riksantikvaren.no\/content\/uploads\/2019\/10\/tvestua-gravhaugen-320x240.jpg 320w, https:\/\/riksantikvaren.no\/content\/uploads\/2019\/10\/tvestua-gravhaugen-420x315.jpg 420w, https:\/\/riksantikvaren.no\/content\/uploads\/2019\/10\/tvestua-gravhaugen-992x744.jpg 992w, https:\/\/riksantikvaren.no\/content\/uploads\/2019\/10\/tvestua-gravhaugen-1200x900.jpg 1200w, https:\/\/riksantikvaren.no\/content\/uploads\/2019\/10\/tvestua-gravhaugen-1920x1440.jpg 1920w\" sizes=\"auto, (max-width: 576px) 100vw, 576px\" title=\"\"><\/a>\n\t\t\t\t<figcaption><strong>Tvestua Gravhaugen<\/strong> Gravhaugen ved Tvestua er automatisk freda etter Kulturminneloven.  Foto:  Jorun Elisabet Aresvik Hals Riksantikvaren<\/figcaption>\n\t\t\t<\/figure>[\/vc_column_inner][\/vc_row_inner][vc_column_text]Tidligere tilh\u00f8rte to uthus, et fj\u00f8s og en l\u00f8e tunet. Disse er borte i dag. Nytt uthus ble reist i 2001 etter en brann i 1999. Uthuset er ikke fredet.<\/p>\n<p>Tett ved og delvis innenfor fredningsomr\u00e5det ligger ogs\u00e5 Hedmarks st\u00f8rste gravhaug. Omr\u00e5det ligger ogs\u00e5 like ved \u00c5kersvika naturreservat som er Norges f\u00f8rste ramsaromr\u00e5de, et v\u00e5tmarksomr\u00e5de som har et s\u00e6rlig vern i internasjonal m\u00e5lestokk.<\/p>\n<p><a id=\"eztoc297367_0_2\" name=\"eztoc297367_0_2\"><\/a><\/p>\n<h3>Omfanget av fredningen<\/h3>\n<p>Fredningen etter <a href=\"https:\/\/lovdata.no\/lov\/1978-06-09-50\/\u00a715\" target=\"_blank\" rel=\"noopener\">Kulturminnelovens \u00a715<\/a> omfatter Tvestuas eksteri\u00f8r og interi\u00f8r.<br \/>\nFredning etter <a href=\"https:\/\/lovdata.no\/lov\/1978-06-09-50\/\u00a719\" target=\"_blank\" rel=\"noopener\">Kulturminnelovens \u00a719<\/a> omfatter omr\u00e5det rundt bygningen som er avmerket p\u00e5 kart, med sl\u00e5tte- og beitemark med uthus.<\/p>\n<p><a id=\"eztoc297367_0_3\" name=\"eztoc297367_0_3\"><\/a><\/p>\n<h3>Form\u00e5let med fredningen<\/h3>\n<p>Form\u00e5let med fredningen er \u00e5 bevare Tvestua som en sjelden og tidlig bygningshistorisk og kulturhistorisk representant for en type landarbeiderbolig utviklet p\u00e5 1700-tallet.<\/p>\n<p><b>Les mer om omfang av og form\u00e5l med fredningen i fredningsbrevet.<\/b>[\/vc_column_text][\/vc_column][vc_column width=&#8221;1\/3&#8243;]<div class=\"header left  default\"><h3 class=\"\">Kart over Tvestua husmannsplass<\/h3><\/div>\n\t\t\t<figure class=\"standard-image no-caption\">\n\t\t\t\t<a class=\"gallery\" href=\"#image-5487\" title=\"\u00c5pne stort bilde i felles bildegalleri\" data-gallery=\"5487\"><img loading=\"lazy\" decoding=\"async\" width=\"768\" height=\"688\" src=\"https:\/\/riksantikvaren.no\/content\/uploads\/2019\/10\/tvestua-kart-768x688.jpg\" class=\"attachment-img-md size-img-md\" alt=\"Tvestua Kart\" srcset=\"https:\/\/riksantikvaren.no\/content\/uploads\/2019\/10\/tvestua-kart-768x688.jpg 768w, https:\/\/riksantikvaren.no\/content\/uploads\/2019\/10\/tvestua-kart-300x269.jpg 300w, https:\/\/riksantikvaren.no\/content\/uploads\/2019\/10\/tvestua-kart-320x287.jpg 320w, https:\/\/riksantikvaren.no\/content\/uploads\/2019\/10\/tvestua-kart-420x376.jpg 420w, https:\/\/riksantikvaren.no\/content\/uploads\/2019\/10\/tvestua-kart-576x516.jpg 576w, https:\/\/riksantikvaren.no\/content\/uploads\/2019\/10\/tvestua-kart.jpg 942w\" sizes=\"auto, (max-width: 768px) 100vw, 768px\" title=\"\"><\/a>\n\t\t\t\t\n\t\t\t<\/figure>\t\t\t\t\t<div class=\"infobox facts snowdrift symbol\">\n\t\t\t\t\t\t<ul class=\"files\">\n\t\t\t\t\t\t\t<li>\n\t\t\t\t\t\t\t\t<h2>Frednings\u00e5r<\/h2>\n\t\t\t\t\t\t\t\t<p>07.12.2017<\/p>\n\t\t\t\t\t\t\t<\/li>\n\t\t\t\t\t\t\t<li>\n\t\t\t\t\t\t\t\t<h2>Region<\/h2>\n\t\t\t\t\t\t\t\t<p>\u00d8stlandet<\/p>\n\t\t\t\t\t\t\t<\/li>\n\t\t\t\t\t\t\t\n\t\t\t\t\t\t\t<li>\n\t\t\t\t\t\t\t\t<h2>Eierskap<\/h2>\n\t\t\t\t\t\t\t\t<p>Privat<\/p>\n\t\t\t\t\t\t\t<\/li>\n\t\t\t\t\t\t\t<li>\n\t\t\t\t\t\t\t\t<h2>Datering<\/h2>\n\t\t\t\t\t\t\t\t<p>1700 tallet<\/p>\n\t\t\t\t\t\t\t<\/li>\n\t\t\t\t\t\t\t<li>\n\t\t\t\t\t\t\t\t<h2>Enkeltminne<\/h2>\n\t\t\t\t\t\t\t\t<p>Bygning: Bolig<\/p>\n\t\t\t\t\t\t\t<\/li>\n\t\t\t\t\t\t<\/ul>\n\t\t\t\t\t<\/div><div class=\"files-container snowdrift\"><h3 class=\"font-size-xxs\">Fredningsdokument<\/h3><ul class=\"files\"><li><a href=\"https:\/\/riksantikvaren.no\/content\/uploads\/2019\/12\/Husmannsplass-Tvestua-fredningsbrev.pdf\" title=\"Husmannsplass Tvestua, Fredningsbrev\" download><i class=\"fa fa-file-pdf-o\"><\/i><span class=\"name\">Husmannsplass Tvestua, Fredningsbrev<\/span><\/a><\/li><li><a href=\"https:\/\/riksantikvaren.no\/content\/uploads\/2019\/12\/Dokumentasjon-Tvestua.pdf\" title=\"Dokumentasjon, Tvestua\" download><i class=\"fa fa-file-pdf-o\"><\/i><span class=\"name\">Dokumentasjon, Tvestua<\/span><\/a><\/li><\/ul><\/div><div class=\"infobox snowdrift\">\n<h3>Pressemelding<\/h3>\n<p><a href=\"https:\/\/www.riksantikvaren.no\/siste-nytt\/pressemeldinger\/sjelden-husmannsplass-fredet\/\" target=\"_blank\" rel=\"noopener noreferrer\">Les pressemeldingen her<\/a><\/p><\/div>[\/vc_column][\/vc_row]<\/p>\n<\/div>","protected":false},"featured_media":5340,"template":"","categories":[1202,5],"tema":[],"class_list":["post-23454","fredning","type-fredning","status-publish","has-post-thumbnail","hentry","category-fredning","category-uncategorized"],"acf":[],"_links":{"self":[{"href":"https:\/\/riksantikvaren.no\/en\/wp-json\/wp\/v2\/fredning\/23454","targetHints":{"allow":["GET"]}}],"collection":[{"href":"https:\/\/riksantikvaren.no\/en\/wp-json\/wp\/v2\/fredning"}],"about":[{"href":"https:\/\/riksantikvaren.no\/en\/wp-json\/wp\/v2\/types\/fredning"}],"wp:featuredmedia":[{"embeddable":true,"href":"https:\/\/riksantikvaren.no\/en\/wp-json\/wp\/v2\/media\/5340"}],"wp:attachment":[{"href":"https:\/\/riksantikvaren.no\/en\/wp-json\/wp\/v2\/media?parent=23454"}],"wp:term":[{"taxonomy":"category","embeddable":true,"href":"https:\/\/riksantikvaren.no\/en\/wp-json\/wp\/v2\/categories?post=23454"},{"taxonomy":"tema","embeddable":true,"href":"https:\/\/riksantikvaren.no\/en\/wp-json\/wp\/v2\/tema?post=23454"}],"curies":[{"name":"wp","href":"https:\/\/api.w.org\/{rel}","templated":true}]}}