{"id":30571,"date":"2020-06-24T16:08:31","date_gmt":"2020-06-24T14:08:31","guid":{"rendered":"https:\/\/www.riksantikvaren.no\/?page_id=30571"},"modified":"2020-06-24T19:43:20","modified_gmt":"2020-06-24T17:43:20","slug":"sami-kulturmuittut","status":"publish","type":"page","link":"https:\/\/riksantikvaren.no\/se\/sami-kulturmuittut\/","title":{"rendered":"S\u00e1mi kulturmuittut"},"content":{"rendered":"<div class=\"wpb-content-wrapper\"><p>[vc_row][vc_column width=&#8221;1\/2&#8243;]<p class=\"categories font-size-xxs default\"><span class=\"category\" id=\"subject\">Kulturmuittut ja kulturbiras<\/span><\/p><div class=\"header left  default\"><h1 class=\"\" id=\"overskift\">S\u00e1mi kulturmuittut<\/h1><\/div><div id=\"entrance-ingres\" class=\"entrance-ingres\"><p>S\u00e1mi kulturmuittut duo\u0111a\u0161tit valljugis ja molssola\u0161 historjj\u00e1, boarr\u00e1set \u00e1iggis lei guol\u00e1steapmi, bivdu ja \u00e1lvu &#8211; ja ma\u014b\u014bel nai boazodoalu, eanandoalu ja oapmedoallu.<\/p><\/div>[vc_column_text]S\u00e1mi kulturmuittut leat luottat s\u00e1mi geavaheami ja leahkima ma\u014bis eanadagas. S\u00e1httet leat ovdamearkka dihte goahtesajit, dollasajit, viesut, \u00e1ittit, girkog\u00e1rddit, oaffarb\u00e1ikkit, bassi v\u00e1rit ja j\u00e1vrrit, g\u00e1masuoidnesajit, m\u00e1n\u00e1id stoahkansajit ja nj\u00e1lmm\u00e1la\u0161 muitalusat ja luo\u0111it \u010dadnot dihto sajiide.[\/vc_column_text][\/vc_column][vc_column width=&#8221;1\/2&#8243;]\n\t\t\t<figure class=\"standard-image \">\n\t\t\t\t<a class=\"gallery\" href=\"#image-30572\" title=\"\u00c5pne stort bilde i felles bildegalleri\" data-gallery=\"30572\"><img loading=\"lazy\" decoding=\"async\" width=\"2272\" height=\"1704\" src=\"https:\/\/riksantikvaren.no\/content\/uploads\/2019\/10\/samisk-offerring_falkefloget-vardoe-1.jpg\" class=\"attachment- size-\" alt=\"\" srcset=\"https:\/\/riksantikvaren.no\/content\/uploads\/2019\/10\/samisk-offerring_falkefloget-vardoe-1.jpg 2272w, https:\/\/riksantikvaren.no\/content\/uploads\/2019\/10\/samisk-offerring_falkefloget-vardoe-1-300x225.jpg 300w, https:\/\/riksantikvaren.no\/content\/uploads\/2019\/10\/samisk-offerring_falkefloget-vardoe-1-1024x768.jpg 1024w, https:\/\/riksantikvaren.no\/content\/uploads\/2019\/10\/samisk-offerring_falkefloget-vardoe-1-768x576.jpg 768w, https:\/\/riksantikvaren.no\/content\/uploads\/2019\/10\/samisk-offerring_falkefloget-vardoe-1-1536x1152.jpg 1536w, https:\/\/riksantikvaren.no\/content\/uploads\/2019\/10\/samisk-offerring_falkefloget-vardoe-1-2048x1536.jpg 2048w, https:\/\/riksantikvaren.no\/content\/uploads\/2019\/10\/samisk-offerring_falkefloget-vardoe-1-320x240.jpg 320w, https:\/\/riksantikvaren.no\/content\/uploads\/2019\/10\/samisk-offerring_falkefloget-vardoe-1-420x315.jpg 420w, https:\/\/riksantikvaren.no\/content\/uploads\/2019\/10\/samisk-offerring_falkefloget-vardoe-1-576x432.jpg 576w, https:\/\/riksantikvaren.no\/content\/uploads\/2019\/10\/samisk-offerring_falkefloget-vardoe-1-992x744.jpg 992w, https:\/\/riksantikvaren.no\/content\/uploads\/2019\/10\/samisk-offerring_falkefloget-vardoe-1-1200x900.jpg 1200w, https:\/\/riksantikvaren.no\/content\/uploads\/2019\/10\/samisk-offerring_falkefloget-vardoe-1-1920x1440.jpg 1920w\" sizes=\"auto, (max-width: 2272px) 100vw, 2272px\" title=\"\"><\/a>\n\t\t\t\t<figcaption><strong>S\u00e1mi oaffarriekkisin Falkefloget Svartnes<\/strong> Vulobealde Falkefloget Svartnes b\u00e1ikkis V\u00e1rgg\u00e1id suohkanis lea gea\u0111geriekkis (d. 4-4,5 mehtera) mas lea gea\u0111geborra gasku. Riekkis lea registrerejuvvon s\u00e1mi oaffarriekkisin ja lea b\u00e1ljes buol\u017e\u017eas, man oaidn\u00e1 bures juohke guovllus. Lahkosis mannet meaddel m\u00e1\u014bga boazob\u00e1lg\u00e1, ja riegg\u00e1 oaivvildit leama\u0161 gullama goddebivdui d\u00e1n guovllus. Dat g\u00e1vdno guovllus gos leat valjit sullasa\u0161 kulturmuittut.  Foto: Stine Barlindhaug, NIKU\r\n<\/figcaption>\n\t\t\t<\/figure>[\/vc_column][\/vc_row][vc_row][vc_column width=&#8221;2\/3&#8243;][vc_column_text]Buot s\u00e1mi kulturmuittut 1917 r\u00e1jes ja boarr\u00e1set go dan leat autom\u00e1htala\u010d\u010dat r\u00e1f\u00e1idahttojuvvon S\u00e1mi kulturmuittuid g\u00e1vnnat viiddis guovllus &#8211; Hedem\u00e1rkkus lulde gitta Finnm\u00e1rkui davvin, muhto nai lulleleappos ja nuortaleappos. S\u00e1mi visttiid valljivuohta lea stuoris. Skuvlavisttit, \u010doahkkinvisttit ja ear\u00e1 searvevuo\u0111avisttit gullet nai s\u00e1mi historj\u00e1i.[\/vc_column_text][vc_row_inner][vc_column_inner width=&#8221;1\/2&#8243;][vc_column_text]Doppe gos odne g\u00e1vdno s\u00e1mi \u00e1ssan ja geavaheapmi, de leat s\u00e1mi kulturmuittuid valljivuohta oassin ealli \u00e1rbevierus. \u00c1rbevierut s\u00e1httet lakta\u0161uvvon vuoi\u014b\u014bala\u0161 doaimmaide, \u00e1rbevirola\u0161 resursa\u00e1vkk\u00e1stallamii ja lundui &#8211; sihke beaivv\u00e1la\u0161 eallimis ja myhtala\u0161 d\u00e1hp\u00e1husaid oktavuo\u0111as. Muhtun \u00e1rbevieruin s\u00e1httet hui \u010diek\u014balis ruohttasat. S\u00e1mi kulturmuitosuodjaleamis lea deh\u00e1la\u0161 bargun v\u00e1ldit v\u00e1ra \u00e1rbevieruin ja viid\u00e1set fievrredit daid, vai dilli ordnejuvvo nu ahte s\u00e1mi kultur\u00e1rbi mii g\u00e1vdno kultureanadagas s\u00e1htt\u00e1 oassin otn\u00e1 s\u00e1mi kulturdoaimmaheamis.[\/vc_column_text][\/vc_column_inner][vc_column_inner width=&#8221;1\/2&#8243;]\t\t<div class=\"swiper-container\">\n\t\t\t\t\t\t<div class=\"swiper-wrapper\">\n\t\t\t\t<div class=\"swiper-slide equal-height\"><a class=\"gallery\" href=\"#image-30617\" title=\"\u00c5pne stort bilde i felles bildegalleri\" data-gallery=\"30617\"><img loading=\"lazy\" decoding=\"async\" width=\"492\" height=\"369\" src=\"https:\/\/riksantikvaren.no\/content\/uploads\/2019\/10\/kvaenangsfjellet-1.jpg\" class=\"attachment-full size-full\" alt=\"Goahti ja eretv\u00e1ldon goa\u0111i goahtesadji. Boares johttis\u00e1pmela\u0161 goahtesadji Nuovasmuotkkis.\" style=\"max-height:400px\" srcset=\"https:\/\/riksantikvaren.no\/content\/uploads\/2019\/10\/kvaenangsfjellet-1.jpg 492w, https:\/\/riksantikvaren.no\/content\/uploads\/2019\/10\/kvaenangsfjellet-1-300x225.jpg 300w, https:\/\/riksantikvaren.no\/content\/uploads\/2019\/10\/kvaenangsfjellet-1-320x240.jpg 320w, https:\/\/riksantikvaren.no\/content\/uploads\/2019\/10\/kvaenangsfjellet-1-420x315.jpg 420w\" sizes=\"auto, (max-width: 492px) 100vw, 492px\" title=\"\"><\/a><div class=\"caption\"><strong>Kv\u00e6nangsfjellet.<\/strong> Goahti ja eretv\u00e1ldon goa\u0111i goahtesadji. Boares johttis\u00e1pmela\u0161 goahtesadji Nuovasmuotkkis.  <br><strong>Foto:<\/strong> John Hood<\/div><\/div><div class=\"swiper-slide equal-height\"><a class=\"gallery\" href=\"#image-30622\" title=\"\u00c5pne stort bilde i felles bildegalleri\" data-gallery=\"30622\"><img loading=\"lazy\" decoding=\"async\" width=\"800\" height=\"635\" src=\"https:\/\/riksantikvaren.no\/content\/uploads\/2019\/10\/samisk-gamme-1.jpg\" class=\"attachment-full size-full\" alt=\"\" style=\"max-height:400px\" srcset=\"https:\/\/riksantikvaren.no\/content\/uploads\/2019\/10\/samisk-gamme-1.jpg 800w, https:\/\/riksantikvaren.no\/content\/uploads\/2019\/10\/samisk-gamme-1-300x238.jpg 300w, https:\/\/riksantikvaren.no\/content\/uploads\/2019\/10\/samisk-gamme-1-768x610.jpg 768w, https:\/\/riksantikvaren.no\/content\/uploads\/2019\/10\/samisk-gamme-1-320x254.jpg 320w, https:\/\/riksantikvaren.no\/content\/uploads\/2019\/10\/samisk-gamme-1-420x333.jpg 420w, https:\/\/riksantikvaren.no\/content\/uploads\/2019\/10\/samisk-gamme-1-576x457.jpg 576w\" sizes=\"auto, (max-width: 800px) 100vw, 800px\" title=\"\"><\/a><div class=\"caption\"><strong>Samisk Gamme<\/strong> i Gratangen i Troms.  <br><strong>Foto:<\/strong> Arve Kjersheim, Riikaantikv\u00e1ra<\/div><\/div>\t\t\t<\/div>\n\t\t\t<div class=\"swiper-pagination\"><\/div>\n\t\t\t\t\t\t\t\n\t\t\t<div class=\"swiper-button-next\"><\/div>\n\t\t\t<div class=\"swiper-button-prev\"><\/div>\t\t\t\t\t<\/div>\n\t\t[\/vc_column_inner][\/vc_row_inner][vc_row_inner][vc_column_inner][vc_column_text]<\/p>\n<h2>S\u00e1mi kulturmuittuid h\u00e1ldda\u0161eapmi<\/h2>\n<p>Riikaantikv\u00e1ras lea bajitd\u00e1si direktor\u00e1httaovddasv\u00e1st\u00e1dus kulturmuitoh\u00e1ldda\u0161eapm\u00e1i, muhto region\u00e1la ovddasv\u00e1st\u00e1dus s\u00e1mi kulturmuittuid h\u00e1ldda\u0161eapm\u00e1i lea biddjon S\u00e1medigg\u00e1i (biras, are\u00e1la ja kultursuodjaleami ossodat).[\/vc_column_text]\n\t\t\t<figure class=\"standard-image \">\n\t\t\t\t<a class=\"gallery\" href=\"#image-30627\" title=\"\u00c5pne stort bilde i felles bildegalleri\" data-gallery=\"30627\"><img loading=\"lazy\" decoding=\"async\" width=\"1440\" height=\"1080\" src=\"https:\/\/riksantikvaren.no\/content\/uploads\/2019\/10\/handelsstedet-sortebekk-1.jpg\" class=\"attachment- size-\" alt=\"\" srcset=\"https:\/\/riksantikvaren.no\/content\/uploads\/2019\/10\/handelsstedet-sortebekk-1.jpg 1440w, https:\/\/riksantikvaren.no\/content\/uploads\/2019\/10\/handelsstedet-sortebekk-1-300x225.jpg 300w, https:\/\/riksantikvaren.no\/content\/uploads\/2019\/10\/handelsstedet-sortebekk-1-1024x768.jpg 1024w, https:\/\/riksantikvaren.no\/content\/uploads\/2019\/10\/handelsstedet-sortebekk-1-768x576.jpg 768w, https:\/\/riksantikvaren.no\/content\/uploads\/2019\/10\/handelsstedet-sortebekk-1-320x240.jpg 320w, https:\/\/riksantikvaren.no\/content\/uploads\/2019\/10\/handelsstedet-sortebekk-1-420x315.jpg 420w, https:\/\/riksantikvaren.no\/content\/uploads\/2019\/10\/handelsstedet-sortebekk-1-576x432.jpg 576w, https:\/\/riksantikvaren.no\/content\/uploads\/2019\/10\/handelsstedet-sortebekk-1-992x744.jpg 992w, https:\/\/riksantikvaren.no\/content\/uploads\/2019\/10\/handelsstedet-sortebekk-1-1200x900.jpg 1200w\" sizes=\"auto, (max-width: 1440px) 100vw, 1440px\" title=\"\"><\/a>\n\t\t\t\t<figcaption><strong>G\u00e1vpeb\u00e1ikkis Sortebekk.<\/strong> Ruggu s\u00e1mi g\u00e1vpeb\u00e1ikkis Sortebekk, Laberg, Rivtt\u00e1ga suohkanis Romssas. Kulturmuitu lea oassin Rivtt\u00e1ga KULA-eanadagas  ja lea autom\u00e1htala\u0161 r\u00e1f\u00e1idahttojuvvon s\u00e1mi visti. Vilgesm\u00e1lejuvvon rukkut leat mihtilmasat Rivtt\u00e1gii.  Foto: Ingegerd Holan, Riikaantikv\u00e1ra<\/figcaption>\n\t\t\t<\/figure>[\/vc_column_inner][\/vc_row_inner][\/vc_column][vc_column width=&#8221;1\/3&#8243;]<div class=\"infobox tuftbush\">\n<h3>S\u00e1mi kulturmuittuid seailluhanprogr\u00e1mma<\/h3>\n<p>Bargu \u010da\u0111ahit vuog\u00e1datla\u0161 registreremiid ja dille\u00e1rvvo\u0161tallamiid s\u00e1mi kulturmuittuin (\u201cS\u00e1mi kulturmuittuid seailluhanprogr\u00e1mma\u201d) \u00e1lggahuvvui 2011 \u010dav\u010d\u010da S\u00e1medikki jo\u0111ihemiin.<\/p>\n<p>Progr\u00e1mma mihttomearri lei earret ear\u00e1 oa\u017e\u017eut bajilgova s\u00e1mi visttiin mat leat autom\u00e1htala\u010d\u010dat r\u00e1f\u00e1iduhttojuvvon, ja pl\u00e1na d\u00e1id kulturmuittuid sihkkarastimii ja divvunbargguide. Oktiibuot registrerejedje birrasiid 1000 vistti 50 suohkanis, mat ledje ceggejuvvon ovdal 1925, ja d\u00e1t attii buori bajilgova s\u00e1mi huksenvieruin ja huksenhistorjj\u00e1s. S\u00e1mediggi \u00e1igu geavahit registrerenbarggu addit eaigg\u00e1diidda r\u00e1vvagiid, bagadallama ja doarjagiid. S\u00e1mediggi juolluda maidd\u00e1i doarjagiid kurssaide divodit r\u00e1f\u00e1idahttojuvvon visttiid.<\/p><\/div>[\/vc_column][\/vc_row]<\/p>\n<\/div>","protected":false},"excerpt":{"rendered":"<p>[vc_row][vc_column width=&#8221;1\/2&#8243;][vc_column_text]S\u00e1mi kulturmuittut leat luottat s\u00e1mi geavaheami ja leahkima ma\u014bis eanadagas. S\u00e1httet leat ovdamearkka dihte goahtesajit, dollasajit, viesut, \u00e1ittit, girkog\u00e1rddit, oaffarb\u00e1ikkit, bassi v\u00e1rit ja j\u00e1vrrit, g\u00e1masuoidnesajit, m\u00e1n\u00e1id stoahkansajit ja nj\u00e1lmm\u00e1la\u0161 muitalusat ja luo\u0111it \u010dadnot dihto&#8230;<\/p>\n","protected":false},"author":1,"featured_media":0,"parent":0,"menu_order":0,"comment_status":"closed","ping_status":"closed","template":"","meta":{"ep_exclude_from_search":false,"footnotes":"","algolia_no_indexing":false,"boosted":0},"coauthors":[445],"class_list":["post-30571","page","type-page","status-publish","hentry"],"acf":[],"_links":{"self":[{"href":"https:\/\/riksantikvaren.no\/se\/wp-json\/wp\/v2\/pages\/30571","targetHints":{"allow":["GET"]}}],"collection":[{"href":"https:\/\/riksantikvaren.no\/se\/wp-json\/wp\/v2\/pages"}],"about":[{"href":"https:\/\/riksantikvaren.no\/se\/wp-json\/wp\/v2\/types\/page"}],"author":[{"embeddable":true,"href":"https:\/\/riksantikvaren.no\/se\/wp-json\/wp\/v2\/users\/1"}],"replies":[{"embeddable":true,"href":"https:\/\/riksantikvaren.no\/se\/wp-json\/wp\/v2\/comments?post=30571"}],"version-history":[{"count":8,"href":"https:\/\/riksantikvaren.no\/se\/wp-json\/wp\/v2\/pages\/30571\/revisions"}],"predecessor-version":[{"id":30633,"href":"https:\/\/riksantikvaren.no\/se\/wp-json\/wp\/v2\/pages\/30571\/revisions\/30633"}],"wp:attachment":[{"href":"https:\/\/riksantikvaren.no\/se\/wp-json\/wp\/v2\/media?parent=30571"}],"wp:term":[{"taxonomy":"author","embeddable":true,"href":"https:\/\/riksantikvaren.no\/se\/wp-json\/wp\/v2\/coauthors?post=30571"}],"curies":[{"name":"wp","href":"https:\/\/api.w.org\/{rel}","templated":true}]}}